{"id":2441,"date":"2025-11-14T13:07:36","date_gmt":"2025-11-14T16:07:36","guid":{"rendered":"https:\/\/lamoreno.com.ar\/web\/?page_id=2441"},"modified":"2026-08-31T20:47:29","modified_gmt":"2026-08-31T23:47:29","slug":"espectaculos-y-ventos","status":"publish","type":"page","link":"https:\/\/lamoreno.com.ar\/web\/espectaculos-y-ventos\/","title":{"rendered":"Espect\u00e1culos y ventos"},"content":{"rendered":"<div id=\"fb-root\"><\/div>\n\n<div data-block-name=\"woocommerce\/product-collection\" data-collection=\"woocommerce\/product-collection\/featured\" data-dimensions=\"{&quot;widthType&quot;:&quot;fill&quot;}\" data-display-layout=\"{&quot;type&quot;:&quot;flex&quot;,&quot;columns&quot;:3,&quot;shrinkColumns&quot;:true}\" data-hide-controls=\"[&quot;inherit&quot;,&quot;featured&quot;,&quot;filterable&quot;]\" data-query-context-includes=\"[&quot;collection&quot;]\" data-query-id=\"0\" data-query=\"{&quot;perPage&quot;:5,&quot;pages&quot;:1,&quot;offset&quot;:0,&quot;postType&quot;:&quot;product&quot;,&quot;order&quot;:&quot;asc&quot;,&quot;orderBy&quot;:&quot;title&quot;,&quot;search&quot;:&quot;&quot;,&quot;exclude&quot;:[],&quot;inherit&quot;:false,&quot;taxQuery&quot;:[],&quot;isProductCollectionBlock&quot;:true,&quot;featured&quot;:true,&quot;woocommerceOnSale&quot;:false,&quot;woocommerceStockStatus&quot;:[&quot;instock&quot;,&quot;outofstock&quot;,&quot;onbackorder&quot;],&quot;woocommerceAttributes&quot;:[],&quot;woocommerceHandPickedProducts&quot;:[],&quot;filterable&quot;:false,&quot;relatedBy&quot;:{&quot;categories&quot;:true,&quot;tags&quot;:true}}\" data-tag-name=\"div\" class=\"wp-block-woocommerce-product-collection is-layout-flow wp-block-woocommerce-product-collection-is-layout-flow\"><\/div>\n\n\n\n<h2 class=\"wp-block-heading has-text-align-center has-white-color has-vivid-red-background-color has-text-color has-background has-link-color wp-elements-1\">Pr\u00f3ximos espect\u00e1culos en La Moreno<\/h2>\n\n\n\n<div data-block-name=\"woocommerce\/product-collection\" data-collection=\"woocommerce\/product-collection\/by-category\" data-dimensions=\"{&quot;widthType&quot;:&quot;fill&quot;}\" data-display-layout=\"{&quot;type&quot;:&quot;flex&quot;,&quot;columns&quot;:3,&quot;shrinkColumns&quot;:true}\" data-hide-controls=\"[&quot;inherit&quot;,&quot;hand-picked&quot;,&quot;filterable&quot;]\" data-query-context-includes=\"[&quot;collection&quot;]\" data-query-id=\"2\" data-query=\"{&quot;perPage&quot;:13,&quot;pages&quot;:0,&quot;offset&quot;:0,&quot;postType&quot;:&quot;product&quot;,&quot;order&quot;:&quot;asc&quot;,&quot;orderBy&quot;:&quot;title&quot;,&quot;search&quot;:&quot;&quot;,&quot;exclude&quot;:[],&quot;inherit&quot;:false,&quot;taxQuery&quot;:{&quot;product_cat&quot;:[92]},&quot;isProductCollectionBlock&quot;:true,&quot;featured&quot;:false,&quot;woocommerceOnSale&quot;:false,&quot;woocommerceStockStatus&quot;:[&quot;instock&quot;,&quot;outofstock&quot;,&quot;onbackorder&quot;],&quot;woocommerceAttributes&quot;:[],&quot;woocommerceHandPickedProducts&quot;:[],&quot;filterable&quot;:false,&quot;relatedBy&quot;:{&quot;categories&quot;:true,&quot;tags&quot;:true}}\" data-tag-name=\"div\" class=\"wp-block-woocommerce-product-collection is-layout-flow wp-block-woocommerce-product-collection-is-layout-flow\">\n<h2 class=\"wp-block-heading\" style=\"margin-bottom:1rem\">Productos por categor\u00eda<\/h2>\n\n\n<ul data-block-name=\"woocommerce\/product-template\" class=\"wc-block-product-template__responsive columns-3 wc-block-product-template wp-block-woocommerce-product-template is-layout-flow wp-block-woocommerce-product-template-is-layout-flow\" data-wp-on--scroll=\"actions.watchScroll\" data-wp-init=\"callbacks.initResizeObserver\"><li class=\"wc-block-product post-2570 product type-product status-publish has-post-thumbnail product_cat-espectaculos first onbackorder featured shipping-taxable purchasable product-type-simple\"\n\t\t\t\t\t\n\t\t\t\tdata-wp-interactive=\"woocommerce\/product-collection\"\n\t\t\t\tdata-wp-context='woocommerce\/products::{\"productId\":2570,\"variationId\":null}'\n\t\t\t\tdata-wp-key=\"product-item-2570\"\n\t\t\t\n\t\t\t\t>\n\t\t\t\t\t\n<div data-block-name=\"woocommerce\/product-image\" data-is-descendent-of-query-loop=\"true\" data-show-sale-badge=\"false\" data-style=\"{&quot;dimensions&quot;:{&quot;aspectRatio&quot;:&quot;1\\\/1&quot;}}\" class=\"wc-block-components-product-image wc-block-grid__product-image wc-block-components-product-image--aspect-ratio-1-1 wp-block-woocommerce-product-image\"><a href=\"https:\/\/lamoreno.com.ar\/web\/producto\/ciclo-de-cine-debate\/\" data-wp-on--click=\"woocommerce\/product-collection::actions.viewProduct\"><img  title=\"\" decoding=\"async\" width=\"682\" height=\"1024\" src=\"https:\/\/lamoreno.com.ar\/web\/wp-content\/uploads\/2026\/08\/cine-debate-agosto-682x1024.jpeg\" class=\"attachment-large size-large\"  alt=\"cine-debate-agosto-682x1024 Espect\u00e1culos y ventos\"  data-testid=\"product-image\" data-image-id=\"2571\" style=\"object-fit:cover;aspect-ratio:1\/1;\" loading=\"lazy\" srcset=\"https:\/\/lamoreno.com.ar\/web\/wp-content\/uploads\/2026\/08\/cine-debate-agosto-682x1024.jpeg 682w, https:\/\/lamoreno.com.ar\/web\/wp-content\/uploads\/2026\/08\/cine-debate-agosto-200x300.jpeg 200w, https:\/\/lamoreno.com.ar\/web\/wp-content\/uploads\/2026\/08\/cine-debate-agosto-768x1152.jpeg 768w, https:\/\/lamoreno.com.ar\/web\/wp-content\/uploads\/2026\/08\/cine-debate-agosto-20x30.jpeg 20w, https:\/\/lamoreno.com.ar\/web\/wp-content\/uploads\/2026\/08\/cine-debate-agosto-600x900.jpeg 600w, https:\/\/lamoreno.com.ar\/web\/wp-content\/uploads\/2026\/08\/cine-debate-agosto.jpeg 853w\" sizes=\"auto, (max-width: 682px) 100vw, 682px\" \/><div class=\"wc-block-components-product-image__inner-container\">\n\n<\/div><\/a><\/div>\n\n<h2 style=\"line-height:1.4;margin-bottom:0.75rem;margin-top:0\" class=\"wp-block-post-title has-medium-font-size\"><a data-wp-on--click=\"woocommerce\/product-collection::actions.viewProduct\" href=\"https:\/\/lamoreno.com.ar\/web\/producto\/ciclo-de-cine-debate\/\" target=\"_self\" >Ciclo de cine debate<\/a><\/h2>\n\n<div data-block-name=\"woocommerce\/product-price\" data-font-size=\"small\" data-is-descendent-of-query-loop=\"true\" data-text-align=\"center\" class=\"has-font-size has-small-font-size has-text-align-center wp-block-woocommerce-product-price\" ><div class=\"wc-block-components-product-price wc-block-grid__product-price\" >\n\t\t\t\t\t<span class=\"woocommerce-Price-amount amount\"><bdi><span class=\"woocommerce-Price-currencySymbol\" translate=\"no\">&#36;<\/span>0.00<\/bdi><\/span>\n\t\t\t\t<\/div><\/div>\n\n<div data-block-name=\"woocommerce\/product-button\" data-font-size=\"small\" data-is-descendent-of-query-loop=\"true\" data-text-align=\"center\" class=\"wp-block-button wc-block-components-product-button align-center wp-block-woocommerce-product-button has-small-font-size\"\n\t\t\t\t\t\n\t\t\tdata-wp-interactive=\"woocommerce\/product-button\"\n\t\t\n\t\t\t\t\tdata-wp-context='{\"quantityToAdd\":1,\"addToCartText\":\"A\\u00f1adir al carrito\",\"tempQuantity\":0,\"animationStatus\":\"IDLE\",\"inTheCartText\":\"### en el carrito\",\"noticeId\":\"\",\"hasPressedButton\":false}'\n\t\t\t\t>\n\t\t\t\t\t<button\n\t\t\t\t\t\tclass=\"wp-block-button__link wp-element-button wc-block-components-product-button__button add_to_cart_button ajax_add_to_cart product_type_simple has-font-size has-small-font-size has-text-align-center wc-interactive\"\n\t\t\t\t\t\tstyle=\"\"\n\t\t\t\t\t\ttype=\"button\" data-product_id=\"2570\" data-product_sku=\"\" aria-label=\"A\u00f1adir al carrito: &ldquo;Ciclo de cine debate&rdquo;\"\n\t\t\t\t\t\tdata-wp-on--click=\"actions.addCartItem\"\n\t\t\t\t\t>\n\t\t\t\t\t<span \n\t\t\tdata-wp-text=\"state.addToCartText\"\n\t\t\tdata-wp-class--wc-block-slide-in=\"state.slideInAnimation\"\n\t\t\tdata-wp-class--wc-block-slide-out=\"state.slideOutAnimation\"\n\t\t\tdata-wp-on--animationend=\"actions.handleAnimationEnd\"\n\t\t\tdata-wp-watch=\"callbacks.startAnimation\"\n\t\t\tdata-wp-run=\"callbacks.syncTempQuantityOnLoad\"\n\t\t>A\u00f1adir al carrito<\/span>\n\t\t\t\t\t<\/button>\n\t\t\t\t\t<span\n\t\t\t\thidden\n\t\t\t\tdata-wp-bind--hidden=\"!state.displayViewCart\"\n\t\t\t>\n\t\t\t\t<a\n\t\t\t\t\thref=\"https:\/\/lamoreno.com.ar\/web\/carrito\/\"\n\t\t\t\t\tclass=\"added_to_cart wc_forward\"\n\t\t\t\t\ttitle=\"Ver carrito\"\n\t\t\t\t>\n\t\t\t\t\tVer carrito\n\t\t\t\t<\/a>\n\t\t\t<\/span>\n\t\t\t\t<\/div>\n\n\t\t\t\t<\/li><li class=\"wc-block-product post-2334 product type-product status-publish has-post-thumbnail product_cat-espectaculos  onbackorder featured shipping-taxable purchasable product-type-simple\"\n\t\t\t\t\t\n\t\t\t\tdata-wp-interactive=\"woocommerce\/product-collection\"\n\t\t\t\tdata-wp-context='woocommerce\/products::{\"productId\":2334,\"variationId\":null}'\n\t\t\t\tdata-wp-key=\"product-item-2334\"\n\t\t\t\n\t\t\t\t>\n\t\t\t\t\t\n<div data-block-name=\"woocommerce\/product-image\" data-is-descendent-of-query-loop=\"true\" data-show-sale-badge=\"false\" data-style=\"{&quot;dimensions&quot;:{&quot;aspectRatio&quot;:&quot;1\\\/1&quot;}}\" class=\"wc-block-components-product-image wc-block-grid__product-image wc-block-components-product-image--aspect-ratio-1-1 wp-block-woocommerce-product-image\"><a href=\"https:\/\/lamoreno.com.ar\/web\/producto\/el-evento-de-la-musarana-7a-resistencia-poetica\/\" data-wp-on--click=\"woocommerce\/product-collection::actions.viewProduct\"><img  title=\"\" decoding=\"async\" width=\"696\" height=\"870\" src=\"https:\/\/lamoreno.com.ar\/web\/wp-content\/uploads\/2025\/04\/musarana13-819x1024.jpeg\" class=\"attachment-large size-large\"  alt=\"musarana13-819x1024 Espect\u00e1culos y ventos\"  data-testid=\"product-image\" data-image-id=\"2578\" style=\"object-fit:cover;aspect-ratio:1\/1;\" loading=\"lazy\" srcset=\"https:\/\/lamoreno.com.ar\/web\/wp-content\/uploads\/2025\/04\/musarana13-819x1024.jpeg 819w, https:\/\/lamoreno.com.ar\/web\/wp-content\/uploads\/2025\/04\/musarana13-240x300.jpeg 240w, https:\/\/lamoreno.com.ar\/web\/wp-content\/uploads\/2025\/04\/musarana13-768x960.jpeg 768w, https:\/\/lamoreno.com.ar\/web\/wp-content\/uploads\/2025\/04\/musarana13-24x30.jpeg 24w, https:\/\/lamoreno.com.ar\/web\/wp-content\/uploads\/2025\/04\/musarana13-600x750.jpeg 600w, https:\/\/lamoreno.com.ar\/web\/wp-content\/uploads\/2025\/04\/musarana13.jpeg 1080w\" sizes=\"auto, (max-width: 696px) 100vw, 696px\" \/><div class=\"wc-block-components-product-image__inner-container\">\n\n<\/div><\/a><\/div>\n\n<h2 style=\"line-height:1.4;margin-bottom:0.75rem;margin-top:0\" class=\"wp-block-post-title has-medium-font-size\"><a data-wp-on--click=\"woocommerce\/product-collection::actions.viewProduct\" href=\"https:\/\/lamoreno.com.ar\/web\/producto\/el-evento-de-la-musarana-7a-resistencia-poetica\/\" target=\"_self\" >El Evento de la Musara\u00f1a &#8211; 13a Resistencia Po\u00e9tica<\/a><\/h2>\n\n<div data-block-name=\"woocommerce\/product-price\" data-font-size=\"small\" data-is-descendent-of-query-loop=\"true\" data-text-align=\"center\" class=\"has-font-size has-small-font-size has-text-align-center wp-block-woocommerce-product-price\" ><div class=\"wc-block-components-product-price wc-block-grid__product-price\" >\n\t\t\t\t\t<span class=\"woocommerce-Price-amount amount\"><bdi><span class=\"woocommerce-Price-currencySymbol\" translate=\"no\">&#36;<\/span>0.00<\/bdi><\/span>\n\t\t\t\t<\/div><\/div>\n\n<div data-block-name=\"woocommerce\/product-button\" data-font-size=\"small\" data-is-descendent-of-query-loop=\"true\" data-text-align=\"center\" class=\"wp-block-button wc-block-components-product-button align-center wp-block-woocommerce-product-button has-small-font-size\"\n\t\t\t\t\t\n\t\t\tdata-wp-interactive=\"woocommerce\/product-button\"\n\t\t\n\t\t\t\t\tdata-wp-context='{\"quantityToAdd\":1,\"addToCartText\":\"A\\u00f1adir al carrito\",\"tempQuantity\":0,\"animationStatus\":\"IDLE\",\"inTheCartText\":\"### en el carrito\",\"noticeId\":\"\",\"hasPressedButton\":false}'\n\t\t\t\t>\n\t\t\t\t\t<button\n\t\t\t\t\t\tclass=\"wp-block-button__link wp-element-button wc-block-components-product-button__button add_to_cart_button ajax_add_to_cart product_type_simple has-font-size has-small-font-size has-text-align-center wc-interactive\"\n\t\t\t\t\t\tstyle=\"\"\n\t\t\t\t\t\ttype=\"button\" data-product_id=\"2334\" data-product_sku=\"\" aria-label=\"A\u00f1adir al carrito: &ldquo;El Evento de la Musara\u00f1a - 13a Resistencia Po\u00e9tica&rdquo;\"\n\t\t\t\t\t\tdata-wp-on--click=\"actions.addCartItem\"\n\t\t\t\t\t>\n\t\t\t\t\t<span \n\t\t\tdata-wp-text=\"state.addToCartText\"\n\t\t\tdata-wp-class--wc-block-slide-in=\"state.slideInAnimation\"\n\t\t\tdata-wp-class--wc-block-slide-out=\"state.slideOutAnimation\"\n\t\t\tdata-wp-on--animationend=\"actions.handleAnimationEnd\"\n\t\t\tdata-wp-watch=\"callbacks.startAnimation\"\n\t\t\tdata-wp-run=\"callbacks.syncTempQuantityOnLoad\"\n\t\t>A\u00f1adir al carrito<\/span>\n\t\t\t\t\t<\/button>\n\t\t\t\t\t<span\n\t\t\t\thidden\n\t\t\t\tdata-wp-bind--hidden=\"!state.displayViewCart\"\n\t\t\t>\n\t\t\t\t<a\n\t\t\t\t\thref=\"https:\/\/lamoreno.com.ar\/web\/carrito\/\"\n\t\t\t\t\tclass=\"added_to_cart wc_forward\"\n\t\t\t\t\ttitle=\"Ver carrito\"\n\t\t\t\t>\n\t\t\t\t\tVer carrito\n\t\t\t\t<\/a>\n\t\t\t<\/span>\n\t\t\t\t<\/div>\n\n\t\t\t\t<\/li><li class=\"wc-block-product post-2588 product type-product status-publish has-post-thumbnail product_cat-espectaculos last onbackorder shipping-taxable purchasable product-type-simple\"\n\t\t\t\t\t\n\t\t\t\tdata-wp-interactive=\"woocommerce\/product-collection\"\n\t\t\t\tdata-wp-context='woocommerce\/products::{\"productId\":2588,\"variationId\":null}'\n\t\t\t\tdata-wp-key=\"product-item-2588\"\n\t\t\t\n\t\t\t\t>\n\t\t\t\t\t\n<div data-block-name=\"woocommerce\/product-image\" data-is-descendent-of-query-loop=\"true\" data-show-sale-badge=\"false\" data-style=\"{&quot;dimensions&quot;:{&quot;aspectRatio&quot;:&quot;1\\\/1&quot;}}\" class=\"wc-block-components-product-image wc-block-grid__product-image wc-block-components-product-image--aspect-ratio-1-1 wp-block-woocommerce-product-image\"><a href=\"https:\/\/lamoreno.com.ar\/web\/producto\/presentacion-del-libro-asi-mataban\/\" data-wp-on--click=\"woocommerce\/product-collection::actions.viewProduct\"><img  title=\"\" decoding=\"async\" width=\"696\" height=\"870\" src=\"https:\/\/lamoreno.com.ar\/web\/wp-content\/uploads\/2026\/08\/Asimataban2-819x1024.jpeg\" class=\"attachment-large size-large\"  alt=\"Asimataban2-819x1024 Espect\u00e1culos y ventos\"  data-testid=\"product-image\" data-image-id=\"2589\" style=\"object-fit:cover;aspect-ratio:1\/1;\" loading=\"lazy\" srcset=\"https:\/\/lamoreno.com.ar\/web\/wp-content\/uploads\/2026\/08\/Asimataban2-819x1024.jpeg 819w, https:\/\/lamoreno.com.ar\/web\/wp-content\/uploads\/2026\/08\/Asimataban2-240x300.jpeg 240w, https:\/\/lamoreno.com.ar\/web\/wp-content\/uploads\/2026\/08\/Asimataban2-768x960.jpeg 768w, https:\/\/lamoreno.com.ar\/web\/wp-content\/uploads\/2026\/08\/Asimataban2-24x30.jpeg 24w, https:\/\/lamoreno.com.ar\/web\/wp-content\/uploads\/2026\/08\/Asimataban2-600x750.jpeg 600w, https:\/\/lamoreno.com.ar\/web\/wp-content\/uploads\/2026\/08\/Asimataban2.jpeg 1080w\" sizes=\"auto, (max-width: 696px) 100vw, 696px\" \/><div class=\"wc-block-components-product-image__inner-container\">\n\n<\/div><\/a><\/div>\n\n<h2 style=\"line-height:1.4;margin-bottom:0.75rem;margin-top:0\" class=\"wp-block-post-title has-medium-font-size\"><a data-wp-on--click=\"woocommerce\/product-collection::actions.viewProduct\" href=\"https:\/\/lamoreno.com.ar\/web\/producto\/presentacion-del-libro-asi-mataban\/\" target=\"_self\" >Presentaci\u00f3n del libro &#8220;As\u00ed mataban &#8211; Subzona 33&#8221;<\/a><\/h2>\n\n<div data-block-name=\"woocommerce\/product-price\" data-font-size=\"small\" data-is-descendent-of-query-loop=\"true\" data-text-align=\"center\" class=\"has-font-size has-small-font-size has-text-align-center wp-block-woocommerce-product-price\" ><div class=\"wc-block-components-product-price wc-block-grid__product-price\" >\n\t\t\t\t\t<span class=\"woocommerce-Price-amount amount\"><bdi><span class=\"woocommerce-Price-currencySymbol\" translate=\"no\">&#36;<\/span>0.00<\/bdi><\/span>\n\t\t\t\t<\/div><\/div>\n\n<div data-block-name=\"woocommerce\/product-button\" data-font-size=\"small\" data-is-descendent-of-query-loop=\"true\" data-text-align=\"center\" class=\"wp-block-button wc-block-components-product-button align-center wp-block-woocommerce-product-button has-small-font-size\"\n\t\t\t\t\t\n\t\t\tdata-wp-interactive=\"woocommerce\/product-button\"\n\t\t\n\t\t\t\t\tdata-wp-context='{\"quantityToAdd\":1,\"addToCartText\":\"A\\u00f1adir al carrito\",\"tempQuantity\":0,\"animationStatus\":\"IDLE\",\"inTheCartText\":\"### en el carrito\",\"noticeId\":\"\",\"hasPressedButton\":false}'\n\t\t\t\t>\n\t\t\t\t\t<button\n\t\t\t\t\t\tclass=\"wp-block-button__link wp-element-button wc-block-components-product-button__button add_to_cart_button ajax_add_to_cart product_type_simple has-font-size has-small-font-size has-text-align-center wc-interactive\"\n\t\t\t\t\t\tstyle=\"\"\n\t\t\t\t\t\ttype=\"button\" data-product_id=\"2588\" data-product_sku=\"\" aria-label=\"A\u00f1adir al carrito: &ldquo;Presentaci\u00f3n del libro &quot;As\u00ed mataban - Subzona 33&quot;&rdquo;\"\n\t\t\t\t\t\tdata-wp-on--click=\"actions.addCartItem\"\n\t\t\t\t\t>\n\t\t\t\t\t<span \n\t\t\tdata-wp-text=\"state.addToCartText\"\n\t\t\tdata-wp-class--wc-block-slide-in=\"state.slideInAnimation\"\n\t\t\tdata-wp-class--wc-block-slide-out=\"state.slideOutAnimation\"\n\t\t\tdata-wp-on--animationend=\"actions.handleAnimationEnd\"\n\t\t\tdata-wp-watch=\"callbacks.startAnimation\"\n\t\t\tdata-wp-run=\"callbacks.syncTempQuantityOnLoad\"\n\t\t>A\u00f1adir al carrito<\/span>\n\t\t\t\t\t<\/button>\n\t\t\t\t\t<span\n\t\t\t\thidden\n\t\t\t\tdata-wp-bind--hidden=\"!state.displayViewCart\"\n\t\t\t>\n\t\t\t\t<a\n\t\t\t\t\thref=\"https:\/\/lamoreno.com.ar\/web\/carrito\/\"\n\t\t\t\t\tclass=\"added_to_cart wc_forward\"\n\t\t\t\t\ttitle=\"Ver carrito\"\n\t\t\t\t>\n\t\t\t\t\tVer carrito\n\t\t\t\t<\/a>\n\t\t\t<\/span>\n\t\t\t\t<\/div>\n\n\t\t\t\t<\/li><\/ul>\n\n<\/div>\n<!-- AddThis Advanced Settings generic via filter on the_content --><!-- AddThis Share Buttons generic via filter on the_content -->","protected":false},"excerpt":{"rendered":"<p>Pr\u00f3ximos espect\u00e1culos en La Moreno<!-- AddThis Advanced Settings generic via filter on get_the_excerpt --><!-- AddThis Share Buttons generic via filter on get_the_excerpt --><\/p>\n","protected":false},"author":6,"featured_media":0,"parent":0,"menu_order":0,"comment_status":"closed","ping_status":"closed","template":"","meta":{"footnotes":""},"class_list":["post-2441","page","type-page","status-publish","hentry"],"_links":{"self":[{"href":"https:\/\/lamoreno.com.ar\/web\/wp-json\/wp\/v2\/pages\/2441","targetHints":{"allow":["GET"]}}],"collection":[{"href":"https:\/\/lamoreno.com.ar\/web\/wp-json\/wp\/v2\/pages"}],"about":[{"href":"https:\/\/lamoreno.com.ar\/web\/wp-json\/wp\/v2\/types\/page"}],"author":[{"embeddable":true,"href":"https:\/\/lamoreno.com.ar\/web\/wp-json\/wp\/v2\/users\/6"}],"replies":[{"embeddable":true,"href":"https:\/\/lamoreno.com.ar\/web\/wp-json\/wp\/v2\/comments?post=2441"}],"version-history":[{"count":12,"href":"https:\/\/lamoreno.com.ar\/web\/wp-json\/wp\/v2\/pages\/2441\/revisions"}],"predecessor-version":[{"id":2587,"href":"https:\/\/lamoreno.com.ar\/web\/wp-json\/wp\/v2\/pages\/2441\/revisions\/2587"}],"wp:attachment":[{"href":"https:\/\/lamoreno.com.ar\/web\/wp-json\/wp\/v2\/media?parent=2441"}],"curies":[{"name":"wp","href":"https:\/\/api.w.org\/{rel}","templated":true}]}}