{"id":2570,"date":"2026-08-11T14:35:22","date_gmt":"2026-08-11T17:35:22","guid":{"rendered":"https:\/\/lamoreno.com.ar\/web\/?post_type=product&#038;p=2570"},"modified":"2026-08-31T19:52:30","modified_gmt":"2026-08-31T22:52:30","slug":"ciclo-de-cine-debate","status":"publish","type":"product","link":"https:\/\/lamoreno.com.ar\/web\/producto\/ciclo-de-cine-debate\/","title":{"rendered":"Ciclo de cine debate"},"content":{"rendered":"<div id=\"fb-root\"><\/div>\n<div class=\"oKdM2c ZZyype Kzv0Me\">\n<div id=\"h.1ea03cfd2f3e15ae_6\" class=\"hJDwNd-AhqUyc-OwsYgb Ft7HRd-AhqUyc-OwsYgb jXK9ad D2fZ2 zu5uec OjCsFc dmUFtb\">\n<div class=\"jXK9ad-SmKAyb\">\n<div class=\"tyJCtd mGzaTb Depvyb baZpAe\">\n<div class=\"CjVfdc\"><strong><span class=\"C9DxTc \">Segundo ciclo de Cine Debate<\/span><\/strong><\/div>\n<\/div>\n<\/div>\n<\/div>\n<\/div>\n<div class=\"oKdM2c ZZyype\">\n<div id=\"h.1ea03cfd2f3e15ae_8\" class=\"hJDwNd-AhqUyc-OwsYgb Ft7HRd-AhqUyc-OwsYgb jXK9ad D2fZ2 zu5uec wHaque g5GTcb\">\n<div class=\"jXK9ad-SmKAyb\">\n<div class=\"tyJCtd mGzaTb Depvyb baZpAe\">\n<p class=\"zfr3Q CDt4Ke \" dir=\"ltr\"><span class=\"C9DxTc \">Un recorrido por tres pel\u00edculas para repensar juntos c\u00f3mo afectan las decisiones sobre econom\u00eda en la vida de todos nosotros.<\/span><\/p>\n<p class=\"zfr3Q CDt4Ke \" dir=\"ltr\"><span class=\"C9DxTc \">DOMINGO 30 DE AGOSTO:\u00a0<\/span><strong><span class=\"C9DxTc \">PLATA DULCE<\/span><\/strong><span class=\"C9DxTc \"><br \/>\n<\/span><span class=\"C9DxTc \">1982 &#8211; Argentina \/ Direcci\u00f3n:\u00a0<\/span><span class=\"C9DxTc \">Fernando Ayala<\/span><span class=\"C9DxTc \"><br \/>\n<\/span><span class=\"C9DxTc \"><br \/>\n<\/span><em><span class=\"C9DxTc \">E<\/span><span class=\"C9DxTc \">n plena dictadura, dos peque\u00f1os empresarios se ven atrapados en la euforia financiera de la \u201cplata dulce\u201d. Una s\u00e1tira sobre la especulaci\u00f3n, el endeudamiento y las consecuencias sociales de un modelo econ\u00f3mico.\u00a0<\/span><\/em><\/p>\n<hr \/>\n<p class=\"zfr3Q CDt4Ke \" dir=\"ltr\"><span class=\"C9DxTc \">DOMINGO <\/span><span class=\"C9DxTc \">6<\/span><span class=\"C9DxTc \">\u00a0DE SEP<\/span><span class=\"C9DxTc \">TIEMBRE<\/span><span class=\"C9DxTc \">:\u00a0<\/span><strong><span class=\"C9DxTc \">MEMORIA DEL SAQUEO<\/span><\/strong><span class=\"C9DxTc \"><br \/>\n<\/span><span class=\"C9DxTc \">2004 &#8211; Argentina \/ Direcci\u00f3n:\u00a0<\/span><span class=\"C9DxTc \">Fernando \u201cPino\u201d Solanas\u00a0<\/span><span class=\"C9DxTc \">\u00a0<\/span><span class=\"C9DxTc \"><br \/>\n<\/span><span class=\"C9DxTc \"><br \/>\n<\/span><em><span class=\"C9DxTc \">Fernando Solanas recorre la historia reciente de la Argentina para analizar las causas y consecuencias de las pol\u00edticas econ\u00f3micas que desembocaron en la crisis de 2001. Un documental sobre deuda, corrupci\u00f3n, pobreza y poder.\u00a0<\/span><\/em><\/p>\n<hr \/>\n<p class=\"zfr3Q CDt4Ke \" dir=\"ltr\"><span class=\"C9DxTc \">DOMINGO\u00a0<\/span><span class=\"C9DxTc \">13<\/span><span class=\"C9DxTc \">\u00a0DE SEPTIEMBRE:\u00a0<\/span><strong><span class=\"C9DxTc \">LA ODISEA DE LOS GILES<\/span><\/strong><span class=\"C9DxTc \"><br \/>\n<\/span><span class=\"C9DxTc \">2019 &#8211; Argentina \/ Direcci\u00f3n:\u00a0<\/span><span class=\"C9DxTc \">Sebasti\u00e1n Borensztein\u00a0<\/span><span class=\"C9DxTc \">\u00a0<\/span><span class=\"C9DxTc \"><br \/>\n<\/span><span class=\"C9DxTc \"><br \/>\n<\/span><em><span class=\"C9DxTc \">En la Argentina de 2001, un grupo de vecinos re\u00fane sus ahorros para poner en marcha un proyecto colectivo, pero una estafa bancaria les arrebata todo. Una historia de solidaridad, justicia y resistencia frente a la crisis econ\u00f3mica.\u00a0<\/span><\/em><\/p>\n<\/div>\n<\/div>\n<\/div>\n<\/div>\n<!-- AddThis Advanced Settings generic via filter on the_content --><!-- AddThis Share Buttons generic via filter on the_content -->","protected":false},"excerpt":{"rendered":"<div class=\"CjVfdc CJIdie\"><strong><span class=\"C9DxTc \">Segundo ciclo de Cine Debate<\/span> <\/strong><br \/>\nEsta vez dedicado a la econom\u00eda<br \/>\nVen\u00ed a pasar una tarde de domingo con buen cine y charla entre mates y bizcochitos.<strong><span style=\"color: #ff00ff;\">Entrada libre y gratuita<br \/>\n<\/span><\/strong><span style=\"color: #000000;\">Organiza: Huellas y Futuro<\/span><\/div>\n<p><!-- AddThis Advanced Settings generic via filter on get_the_excerpt --><!-- AddThis Share Buttons generic via filter on get_the_excerpt --><\/p>\n","protected":false},"featured_media":2571,"comment_status":"closed","ping_status":"closed","template":"","meta":[],"product_brand":[],"product_cat":[92],"product_tag":[],"class_list":["post-2570","product","type-product","status-publish","has-post-thumbnail","product_cat-espectaculos","first","onbackorder","featured","shipping-taxable","purchasable","product-type-simple"],"_links":{"self":[{"href":"https:\/\/lamoreno.com.ar\/web\/wp-json\/wp\/v2\/product\/2570","targetHints":{"allow":["GET"]}}],"collection":[{"href":"https:\/\/lamoreno.com.ar\/web\/wp-json\/wp\/v2\/product"}],"about":[{"href":"https:\/\/lamoreno.com.ar\/web\/wp-json\/wp\/v2\/types\/product"}],"replies":[{"embeddable":true,"href":"https:\/\/lamoreno.com.ar\/web\/wp-json\/wp\/v2\/comments?post=2570"}],"wp:featuredmedia":[{"embeddable":true,"href":"https:\/\/lamoreno.com.ar\/web\/wp-json\/wp\/v2\/media\/2571"}],"wp:attachment":[{"href":"https:\/\/lamoreno.com.ar\/web\/wp-json\/wp\/v2\/media?parent=2570"}],"wp:term":[{"taxonomy":"product_brand","embeddable":true,"href":"https:\/\/lamoreno.com.ar\/web\/wp-json\/wp\/v2\/product_brand?post=2570"},{"taxonomy":"product_cat","embeddable":true,"href":"https:\/\/lamoreno.com.ar\/web\/wp-json\/wp\/v2\/product_cat?post=2570"},{"taxonomy":"product_tag","embeddable":true,"href":"https:\/\/lamoreno.com.ar\/web\/wp-json\/wp\/v2\/product_tag?post=2570"}],"curies":[{"name":"wp","href":"https:\/\/api.w.org\/{rel}","templated":true}]}}